{"id":84196,"date":"2025-01-03T15:55:14","date_gmt":"2025-01-03T14:55:14","guid":{"rendered":"https:\/\/biteback.be\/?post_type=tribe_events&#038;p=84196"},"modified":"2025-01-25T14:24:59","modified_gmt":"2025-01-25T13:24:59","slug":"week-van-het-konijn-1-stop-konijnenvlees","status":"publish","type":"tribe_events","link":"https:\/\/biteback.be\/fr\/events\/week-van-het-konijn-1-stop-konijnenvlees\/","title":{"rendered":"Protestactie VLAM | Stop Konijnenvlees!"},"content":{"rendered":"<div data-elementor-type=\"tec_event_single_static\" data-elementor-id=\"84196\" class=\"elementor elementor-84196\">\n\t\t\t\t\t\t<section class=\"elementor-section elementor-top-section elementor-element elementor-element-5cbd96a8 elementor-section-boxed elementor-section-height-default elementor-section-height-default\" data-id=\"5cbd96a8\" data-element_type=\"section\" data-e-type=\"section\">\n\t\t\t\t\t\t<div class=\"elementor-container elementor-column-gap-extended\">\n\t\t\t\t\t<div class=\"elementor-column elementor-col-100 elementor-top-column elementor-element elementor-element-33aceb5d sc_inner_width_none sc_content_align_inherit sc_layouts_column_icons_position_left\" data-id=\"33aceb5d\" data-element_type=\"column\" data-e-type=\"column\">\n\t\t\t<div class=\"elementor-widget-wrap elementor-element-populated\">\n\t\t\t\t\t\t<div class=\"elementor-element elementor-element-a5fc4b9 sc_fly_static elementor-widget elementor-widget-image\" data-id=\"a5fc4b9\" data-element_type=\"widget\" data-e-type=\"widget\" data-widget_type=\"image.default\">\n\t\t\t\t<div class=\"elementor-widget-container\">\n\t\t\t\t\t\t\t\t\t\t\t\t\t\t\t<img fetchpriority=\"high\" decoding=\"async\" width=\"1024\" height=\"536\" src=\"https:\/\/i0.wp.com\/biteback.be\/wp-content\/uploads\/2025\/01\/Actie_VLAM_Banner.jpg?fit=1024%2C536&amp;ssl=1\" class=\"attachment-large size-large wp-image-84373\" alt=\"\" srcset=\"https:\/\/i0.wp.com\/biteback.be\/wp-content\/uploads\/2025\/01\/Actie_VLAM_Banner.jpg?w=1200&amp;ssl=1 1200w, https:\/\/i0.wp.com\/biteback.be\/wp-content\/uploads\/2025\/01\/Actie_VLAM_Banner.jpg?resize=300%2C157&amp;ssl=1 300w, https:\/\/i0.wp.com\/biteback.be\/wp-content\/uploads\/2025\/01\/Actie_VLAM_Banner.jpg?resize=1024%2C536&amp;ssl=1 1024w, https:\/\/i0.wp.com\/biteback.be\/wp-content\/uploads\/2025\/01\/Actie_VLAM_Banner.jpg?resize=768%2C402&amp;ssl=1 768w, https:\/\/i0.wp.com\/biteback.be\/wp-content\/uploads\/2025\/01\/Actie_VLAM_Banner.jpg?resize=18%2C9&amp;ssl=1 18w, https:\/\/i0.wp.com\/biteback.be\/wp-content\/uploads\/2025\/01\/Actie_VLAM_Banner.jpg?resize=370%2C194&amp;ssl=1 370w, https:\/\/i0.wp.com\/biteback.be\/wp-content\/uploads\/2025\/01\/Actie_VLAM_Banner.jpg?resize=770%2C403&amp;ssl=1 770w, https:\/\/i0.wp.com\/biteback.be\/wp-content\/uploads\/2025\/01\/Actie_VLAM_Banner.jpg?resize=1170%2C612&amp;ssl=1 1170w\" sizes=\"(max-width: 1024px) 100vw, 1024px\" \/>\t\t\t\t\t\t\t\t\t\t\t\t\t\t\t<\/div>\n\t\t\t\t<\/div>\n\t\t\t\t<div class=\"elementor-element elementor-element-da33780 elementor-widget__width-initial sc_fly_static elementor-widget elementor-widget-text-editor\" data-id=\"da33780\" data-element_type=\"widget\" data-e-type=\"widget\" data-widget_type=\"text-editor.default\">\n\t\t\t\t<div class=\"elementor-widget-container\">\n\t\t\t\t\t\t\t\t\t<p>Elk jaar promoot de <strong>VLAM<\/strong> (Vlaams centrum voor Agro- en Visserijmarketing) de <strong>consumptie van konijnenvlees<\/strong> tijdens de <i>Week van het Konijn<\/i>. Voor ons is dit de ideale gelegenheid om de dieren achter dat vlees naar de voorgrond te halen, en dat willen we doen met <strong>creatieve en uiteenlopende acties tijdens diezelfde week<\/strong>.<\/p><p>Tussen 27 januari en 2 februari plannen we acties tegen <b>de hele konijnenvleessector, <\/b>van productie tot consumptie.<\/p><p><strong>QUOI<\/strong><\/p><p>Protestactie bij de VLAM tegen de promotie van konijnenvlees.<\/p><p>We trekken met konijnenpak, pancartes, megafoons en kleurrijke rook naar de VLAM om er onze actieweek rond de konijnenvleessector te lanceren!\u00a0<\/p><p><strong>OU<\/strong><\/p><p>Kantoren van het VLAM (<a tabindex=\"0\" href=\"https:\/\/www.google.com\/maps\/place\/\/data=!4m2!3m1!1s0x47c3c39ddceceff1:0xcfc01af570f3c58c?sa=X&amp;ved=1t:8290&amp;ictx=111\" data-url=\"\/maps\/place\/\/data=!4m2!3m1!1s0x47c3c39ddceceff1:0xcfc01af570f3c58c?sa=X&amp;ved=2ahUKEwju_OvG_NmKAxWNVKQEHR76EwgQ4kB6BAgMEAA\">Simon Bolivarlaan 17, 1030 Schaarbeek<\/a>)<\/p><p><strong>QUAND<\/strong><\/p><p>Maandag 27 januari: van 11u tot 12u30.<\/p><p>________<\/p><p>Vous n'\u00eates pas (encore) b\u00e9n\u00e9vole \u00e0 Bite Back ? N'h\u00e9sitez pas \u00e0 vous joindre \u00e0 l'action.<\/p><p>Vragen? <a href=\"mailto:vrijwilligers@biteback.org\">vrijwilligers@biteback.org<\/a><\/p>\t\t\t\t\t\t\t\t<\/div>\n\t\t\t\t<\/div>\n\t\t\t\t\t<\/div>\n\t\t<\/div>\n\t\t\t\t\t<\/div>\n\t\t<\/section>\n\t\t\t\t<\/div>","protected":false},"excerpt":{"rendered":"<p>Elk jaar promoot de VLAM (Vlaams centrum voor Agro- en Visserijmarketing) de consumptie van konijnenvlees tijdens de Week van het Konijn. Voor ons is dit de ideale gelegenheid om de dieren achter dat&hellip;<\/p>","protected":false},"author":10,"featured_media":84373,"template":"","meta":{"_tribe_events_status":"","_tribe_events_status_reason":"","footnotes":""},"tags":[],"tribe_events_cat":[],"class_list":["post-84196","tribe_events","type-tribe_events","status-publish","has-post-thumbnail","hentry"],"yoast_head":"<!-- This site is optimized with the Yoast SEO plugin v27.4 - https:\/\/yoast.com\/product\/yoast-seo-wordpress\/ -->\n<title>Protestactie VLAM | Stop Konijnenvlees! - Bite Back<\/title>\n<meta name=\"robots\" content=\"index, follow, max-snippet:-1, max-image-preview:large, max-video-preview:-1\" \/>\n<link rel=\"canonical\" href=\"https:\/\/biteback.be\/fr\/events\/week-van-het-konijn-1-stop-konijnenvlees\/\" \/>\n<meta property=\"og:locale\" content=\"fr_FR\" \/>\n<meta property=\"og:type\" content=\"article\" \/>\n<meta property=\"og:title\" content=\"Protestactie VLAM | Stop Konijnenvlees! - Bite Back\" \/>\n<meta property=\"og:description\" content=\"Elk jaar promoot de VLAM (Vlaams centrum voor Agro- en Visserijmarketing) de consumptie van konijnenvlees tijdens de Week van het Konijn. Voor ons is dit de ideale gelegenheid om de dieren achter dat&hellip;\" \/>\n<meta property=\"og:url\" content=\"https:\/\/biteback.be\/fr\/events\/week-van-het-konijn-1-stop-konijnenvlees\/\" \/>\n<meta property=\"og:site_name\" content=\"Bite Back\" \/>\n<meta property=\"article:modified_time\" content=\"2025-01-25T13:24:59+00:00\" \/>\n<meta property=\"og:image\" content=\"https:\/\/biteback.be\/wp-content\/uploads\/2025\/01\/Actie_VLAM_Banner.jpg\" \/>\n\t<meta property=\"og:image:width\" content=\"1200\" \/>\n\t<meta property=\"og:image:height\" content=\"628\" \/>\n\t<meta property=\"og:image:type\" content=\"image\/jpeg\" \/>\n<meta name=\"twitter:card\" content=\"summary_large_image\" \/>\n<script type=\"application\/ld+json\" class=\"yoast-schema-graph\">{\"@context\":\"https:\\\/\\\/schema.org\",\"@graph\":[{\"@type\":\"WebPage\",\"@id\":\"https:\\\/\\\/biteback.be\\\/events\\\/week-van-het-konijn-1-stop-konijnenvlees\\\/\",\"url\":\"https:\\\/\\\/biteback.be\\\/events\\\/week-van-het-konijn-1-stop-konijnenvlees\\\/\",\"name\":\"Protestactie VLAM | Stop Konijnenvlees! - Bite Back\",\"isPartOf\":{\"@id\":\"https:\\\/\\\/biteback.be\\\/#website\"},\"primaryImageOfPage\":{\"@id\":\"https:\\\/\\\/biteback.be\\\/events\\\/week-van-het-konijn-1-stop-konijnenvlees\\\/#primaryimage\"},\"image\":{\"@id\":\"https:\\\/\\\/biteback.be\\\/events\\\/week-van-het-konijn-1-stop-konijnenvlees\\\/#primaryimage\"},\"thumbnailUrl\":\"https:\\\/\\\/i0.wp.com\\\/biteback.be\\\/wp-content\\\/uploads\\\/2025\\\/01\\\/Actie_VLAM_Banner.jpg?fit=1200%2C628&ssl=1\",\"datePublished\":\"2025-01-03T14:55:14+00:00\",\"dateModified\":\"2025-01-25T13:24:59+00:00\",\"breadcrumb\":{\"@id\":\"https:\\\/\\\/biteback.be\\\/events\\\/week-van-het-konijn-1-stop-konijnenvlees\\\/#breadcrumb\"},\"inLanguage\":\"fr-BE\",\"potentialAction\":[{\"@type\":\"ReadAction\",\"target\":[\"https:\\\/\\\/biteback.be\\\/events\\\/week-van-het-konijn-1-stop-konijnenvlees\\\/\"]}]},{\"@type\":\"ImageObject\",\"inLanguage\":\"fr-BE\",\"@id\":\"https:\\\/\\\/biteback.be\\\/events\\\/week-van-het-konijn-1-stop-konijnenvlees\\\/#primaryimage\",\"url\":\"https:\\\/\\\/i0.wp.com\\\/biteback.be\\\/wp-content\\\/uploads\\\/2025\\\/01\\\/Actie_VLAM_Banner.jpg?fit=1200%2C628&ssl=1\",\"contentUrl\":\"https:\\\/\\\/i0.wp.com\\\/biteback.be\\\/wp-content\\\/uploads\\\/2025\\\/01\\\/Actie_VLAM_Banner.jpg?fit=1200%2C628&ssl=1\",\"width\":1200,\"height\":628},{\"@type\":\"BreadcrumbList\",\"@id\":\"https:\\\/\\\/biteback.be\\\/events\\\/week-van-het-konijn-1-stop-konijnenvlees\\\/#breadcrumb\",\"itemListElement\":[{\"@type\":\"ListItem\",\"position\":1,\"name\":\"Home\",\"item\":\"https:\\\/\\\/biteback.be\\\/\"},{\"@type\":\"ListItem\",\"position\":2,\"name\":\"Events\",\"item\":\"https:\\\/\\\/biteback.be\\\/events\\\/\"},{\"@type\":\"ListItem\",\"position\":3,\"name\":\"Protestactie VLAM | Stop Konijnenvlees!\"}]},{\"@type\":\"WebSite\",\"@id\":\"https:\\\/\\\/biteback.be\\\/#website\",\"url\":\"https:\\\/\\\/biteback.be\\\/\",\"name\":\"Bite Back\",\"description\":\"Bite Back - Dierenrechtenorganisatie\",\"publisher\":{\"@id\":\"https:\\\/\\\/biteback.be\\\/#organization\"},\"potentialAction\":[{\"@type\":\"SearchAction\",\"target\":{\"@type\":\"EntryPoint\",\"urlTemplate\":\"https:\\\/\\\/biteback.be\\\/?s={search_term_string}\"},\"query-input\":{\"@type\":\"PropertyValueSpecification\",\"valueRequired\":true,\"valueName\":\"search_term_string\"}}],\"inLanguage\":\"fr-BE\"},{\"@type\":\"Organization\",\"@id\":\"https:\\\/\\\/biteback.be\\\/#organization\",\"name\":\"Bite Back\",\"url\":\"https:\\\/\\\/biteback.be\\\/\",\"logo\":{\"@type\":\"ImageObject\",\"inLanguage\":\"fr-BE\",\"@id\":\"https:\\\/\\\/biteback.be\\\/#\\\/schema\\\/logo\\\/image\\\/\",\"url\":\"https:\\\/\\\/i0.wp.com\\\/biteback.be\\\/wp-content\\\/uploads\\\/2023\\\/09\\\/bite-back-logo-1.jpg?fit=212%2C80&ssl=1\",\"contentUrl\":\"https:\\\/\\\/i0.wp.com\\\/biteback.be\\\/wp-content\\\/uploads\\\/2023\\\/09\\\/bite-back-logo-1.jpg?fit=212%2C80&ssl=1\",\"width\":212,\"height\":80,\"caption\":\"Bite Back\"},\"image\":{\"@id\":\"https:\\\/\\\/biteback.be\\\/#\\\/schema\\\/logo\\\/image\\\/\"}}]}<\/script>\n<!-- \/ Yoast SEO plugin. -->","yoast_head_json":{"title":"Protestactie VLAM | Stop Konijnenvlees! - Bite Back","robots":{"index":"index","follow":"follow","max-snippet":"max-snippet:-1","max-image-preview":"max-image-preview:large","max-video-preview":"max-video-preview:-1"},"canonical":"https:\/\/biteback.be\/fr\/events\/week-van-het-konijn-1-stop-konijnenvlees\/","og_locale":"fr_FR","og_type":"article","og_title":"Protestactie VLAM | Stop Konijnenvlees! - Bite Back","og_description":"Elk jaar promoot de VLAM (Vlaams centrum voor Agro- en Visserijmarketing) de consumptie van konijnenvlees tijdens de Week van het Konijn. Voor ons is dit de ideale gelegenheid om de dieren achter dat&hellip;","og_url":"https:\/\/biteback.be\/fr\/events\/week-van-het-konijn-1-stop-konijnenvlees\/","og_site_name":"Bite Back","article_modified_time":"2025-01-25T13:24:59+00:00","og_image":[{"width":1200,"height":628,"url":"https:\/\/biteback.be\/wp-content\/uploads\/2025\/01\/Actie_VLAM_Banner.jpg","type":"image\/jpeg"}],"twitter_card":"summary_large_image","schema":{"@context":"https:\/\/schema.org","@graph":[{"@type":"WebPage","@id":"https:\/\/biteback.be\/events\/week-van-het-konijn-1-stop-konijnenvlees\/","url":"https:\/\/biteback.be\/events\/week-van-het-konijn-1-stop-konijnenvlees\/","name":"Protestactie VLAM | Stop Konijnenvlees! - Bite Back","isPartOf":{"@id":"https:\/\/biteback.be\/#website"},"primaryImageOfPage":{"@id":"https:\/\/biteback.be\/events\/week-van-het-konijn-1-stop-konijnenvlees\/#primaryimage"},"image":{"@id":"https:\/\/biteback.be\/events\/week-van-het-konijn-1-stop-konijnenvlees\/#primaryimage"},"thumbnailUrl":"https:\/\/i0.wp.com\/biteback.be\/wp-content\/uploads\/2025\/01\/Actie_VLAM_Banner.jpg?fit=1200%2C628&ssl=1","datePublished":"2025-01-03T14:55:14+00:00","dateModified":"2025-01-25T13:24:59+00:00","breadcrumb":{"@id":"https:\/\/biteback.be\/events\/week-van-het-konijn-1-stop-konijnenvlees\/#breadcrumb"},"inLanguage":"fr-BE","potentialAction":[{"@type":"ReadAction","target":["https:\/\/biteback.be\/events\/week-van-het-konijn-1-stop-konijnenvlees\/"]}]},{"@type":"ImageObject","inLanguage":"fr-BE","@id":"https:\/\/biteback.be\/events\/week-van-het-konijn-1-stop-konijnenvlees\/#primaryimage","url":"https:\/\/i0.wp.com\/biteback.be\/wp-content\/uploads\/2025\/01\/Actie_VLAM_Banner.jpg?fit=1200%2C628&ssl=1","contentUrl":"https:\/\/i0.wp.com\/biteback.be\/wp-content\/uploads\/2025\/01\/Actie_VLAM_Banner.jpg?fit=1200%2C628&ssl=1","width":1200,"height":628},{"@type":"BreadcrumbList","@id":"https:\/\/biteback.be\/events\/week-van-het-konijn-1-stop-konijnenvlees\/#breadcrumb","itemListElement":[{"@type":"ListItem","position":1,"name":"Home","item":"https:\/\/biteback.be\/"},{"@type":"ListItem","position":2,"name":"Events","item":"https:\/\/biteback.be\/events\/"},{"@type":"ListItem","position":3,"name":"Protestactie VLAM | Stop Konijnenvlees!"}]},{"@type":"WebSite","@id":"https:\/\/biteback.be\/#website","url":"https:\/\/biteback.be\/","name":"Bite Back","description":"Bite Back - Dierenrechtenorganisatie","publisher":{"@id":"https:\/\/biteback.be\/#organization"},"potentialAction":[{"@type":"SearchAction","target":{"@type":"EntryPoint","urlTemplate":"https:\/\/biteback.be\/?s={search_term_string}"},"query-input":{"@type":"PropertyValueSpecification","valueRequired":true,"valueName":"search_term_string"}}],"inLanguage":"fr-BE"},{"@type":"Organization","@id":"https:\/\/biteback.be\/#organization","name":"Bite Back","url":"https:\/\/biteback.be\/","logo":{"@type":"ImageObject","inLanguage":"fr-BE","@id":"https:\/\/biteback.be\/#\/schema\/logo\/image\/","url":"https:\/\/i0.wp.com\/biteback.be\/wp-content\/uploads\/2023\/09\/bite-back-logo-1.jpg?fit=212%2C80&ssl=1","contentUrl":"https:\/\/i0.wp.com\/biteback.be\/wp-content\/uploads\/2023\/09\/bite-back-logo-1.jpg?fit=212%2C80&ssl=1","width":212,"height":80,"caption":"Bite Back"},"image":{"@id":"https:\/\/biteback.be\/#\/schema\/logo\/image\/"}}]}},"jetpack_sharing_enabled":true,"_links":{"self":[{"href":"https:\/\/biteback.be\/fr\/wp-json\/wp\/v2\/tribe_events\/84196","targetHints":{"allow":["GET"]}}],"collection":[{"href":"https:\/\/biteback.be\/fr\/wp-json\/wp\/v2\/tribe_events"}],"about":[{"href":"https:\/\/biteback.be\/fr\/wp-json\/wp\/v2\/types\/tribe_events"}],"author":[{"embeddable":true,"href":"https:\/\/biteback.be\/fr\/wp-json\/wp\/v2\/users\/10"}],"version-history":[{"count":11,"href":"https:\/\/biteback.be\/fr\/wp-json\/wp\/v2\/tribe_events\/84196\/revisions"}],"predecessor-version":[{"id":84505,"href":"https:\/\/biteback.be\/fr\/wp-json\/wp\/v2\/tribe_events\/84196\/revisions\/84505"}],"wp:featuredmedia":[{"embeddable":true,"href":"https:\/\/biteback.be\/fr\/wp-json\/wp\/v2\/media\/84373"}],"wp:attachment":[{"href":"https:\/\/biteback.be\/fr\/wp-json\/wp\/v2\/media?parent=84196"}],"wp:term":[{"taxonomy":"post_tag","embeddable":true,"href":"https:\/\/biteback.be\/fr\/wp-json\/wp\/v2\/tags?post=84196"},{"taxonomy":"tribe_events_cat","embeddable":true,"href":"https:\/\/biteback.be\/fr\/wp-json\/wp\/v2\/tribe_events_cat?post=84196"}],"curies":[{"name":"wp","href":"https:\/\/api.w.org\/{rel}","templated":true}]}}